{"id":35044,"date":"2025-07-03T08:36:47","date_gmt":"2025-07-03T08:36:47","guid":{"rendered":"https:\/\/pustevny.cz\/?page_id=35044"},"modified":"2025-07-04T07:25:30","modified_gmt":"2025-07-04T07:25:30","slug":"wydarzenia-na-pustevnach-2","status":"publish","type":"page","link":"https:\/\/pustevny.cz\/pl\/wydarzenia-na-pustevnach-2\/","title":{"rendered":"Pielgrzymka \u015awi\u0119tych Cyryla i Metodego"},"content":{"rendered":"\t\t<div data-elementor-type=\"wp-page\" data-elementor-id=\"35044\" class=\"elementor elementor-35044 elementor-35042\">\n\t\t\t\t\t\t<section class=\"elementor-section elementor-top-section elementor-element elementor-element-216200d elementor-section-stretched elementor-section-boxed elementor-section-height-default elementor-section-height-default sc_fly_static\" data-id=\"216200d\" data-element_type=\"section\" data-settings=\"{&quot;stretch_section&quot;:&quot;section-stretched&quot;,&quot;background_background&quot;:&quot;classic&quot;}\">\n\t\t\t\t\t\t<div class=\"elementor-container elementor-column-gap-extended\">\n\t\t\t\t\t<div class=\"elementor-column elementor-col-100 elementor-top-column elementor-element elementor-element-62d9493 sc_content_align_inherit sc_layouts_column_icons_position_left sc_fly_static\" data-id=\"62d9493\" data-element_type=\"column\">\n\t\t\t<div class=\"elementor-widget-wrap elementor-element-populated\">\n\t\t\t\t\t\t<section class=\"elementor-section-with-custom-width elementor-section elementor-inner-section elementor-element elementor-element-80adf30 elementor-section-boxed elementor-section-height-default elementor-section-height-default sc_fly_static\" data-id=\"80adf30\" data-element_type=\"section\" data-settings=\"{&quot;background_background&quot;:&quot;classic&quot;}\">\n\t\t\t\t\t\t<div class=\"elementor-container elementor-column-gap-extended\">\n\t\t\t\t\t<div class=\"elementor-column elementor-col-100 elementor-inner-column elementor-element elementor-element-00aa7e7 sc_content_align_inherit sc_layouts_column_icons_position_left sc_fly_static\" data-id=\"00aa7e7\" data-element_type=\"column\" data-settings=\"{&quot;background_background&quot;:&quot;classic&quot;}\">\n\t\t\t<div class=\"elementor-widget-wrap elementor-element-populated\">\n\t\t\t\t\t\t<div class=\"elementor-element elementor-element-90ed755 sc_fly_static elementor-widget elementor-widget-heading\" data-id=\"90ed755\" data-element_type=\"widget\" data-widget_type=\"heading.default\">\n\t\t\t\t<div class=\"elementor-widget-container\">\n\t\t\t\t\t<h1 class=\"elementor-heading-title elementor-size-default\">Pielgrzymka \u015awi\u0119tych Cyryla i Metodego<\/h1>\t\t\t\t<\/div>\n\t\t\t\t<\/div>\n\t\t\t\t\t<\/div>\n\t\t<\/div>\n\t\t\t\t\t<\/div>\n\t\t<\/section>\n\t\t\t\t<section class=\"elementor-section-with-custom-width elementor-section elementor-inner-section elementor-element elementor-element-227e6a2 elementor-section-boxed elementor-section-height-default elementor-section-height-default sc_fly_static\" data-id=\"227e6a2\" data-element_type=\"section\">\n\t\t\t\t\t\t<div class=\"elementor-container elementor-column-gap-extended\">\n\t\t\t\t\t<div class=\"elementor-column elementor-col-100 elementor-inner-column elementor-element elementor-element-540f00d sc_content_align_inherit sc_layouts_column_icons_position_left sc_fly_static\" data-id=\"540f00d\" data-element_type=\"column\">\n\t\t\t<div class=\"elementor-widget-wrap elementor-element-populated\">\n\t\t\t\t\t\t<div class=\"elementor-element elementor-element-859b8d1 sc_fly_static elementor-widget elementor-widget-heading\" data-id=\"859b8d1\" data-element_type=\"widget\" data-widget_type=\"heading.default\">\n\t\t\t\t<div class=\"elementor-widget-container\">\n\t\t\t\t\t<h2 class=\"elementor-heading-title elementor-size-default\">Pielgrzymka \u015awi\u0119tych Cyryla i Metodego na Radho\u0161ti w dniach 5\u20136 lipca <\/h2>\t\t\t\t<\/div>\n\t\t\t\t<\/div>\n\t\t\t\t<div class=\"elementor-element elementor-element-1574412 sc_fly_static elementor-widget elementor-widget-text-editor\" data-id=\"1574412\" data-element_type=\"widget\" data-widget_type=\"text-editor.default\">\n\t\t\t\t<div class=\"elementor-widget-container\">\n\t\t\t\t\t\t\t\t\t<p>Gor\u0105co zapraszamy wszystkich pielgrzym\u00f3w i mi\u0142o\u015bnik\u00f3w g\u00f3rskiej przyrody na tradycyjn\u0105 Pielgrzymk\u0119 \u015awi\u0119tych Cyryla i Metodego na Radho\u0161\u0165. Dzi\u0119ki wczesnemu uruchomieniu kolejki linowej ju\u017c od 7:30 dotrzecie wygodnie na miejsce, by spokojnie rozpocz\u0105\u0107 sw\u00f3j dzie\u0144 duchowy i turystyczny.  <\/p>\t\t\t\t\t\t\t\t<\/div>\n\t\t\t\t<\/div>\n\t\t\t\t<div class=\"elementor-element elementor-element-88bcbbe elementor-align-center sc_fly_static elementor-widget elementor-widget-button\" data-id=\"88bcbbe\" data-element_type=\"widget\" data-widget_type=\"button.default\">\n\t\t\t\t<div class=\"elementor-widget-container\">\n\t\t\t\t\t\t\t\t\t<div class=\"elementor-button-wrapper\">\n\t\t\t\t\t<a class=\"elementor-button elementor-button-link elementor-size-sm\" href=\"https:\/\/jizdenky.pustevny.cz\/\">\n\t\t\t\t\t\t<span class=\"elementor-button-content-wrapper\">\n\t\t\t\t\t\t\t\t\t<span class=\"elementor-button-text\">Kupi\u0107 bilet na kolejk\u0119 linow\u0105<\/span>\n\t\t\t\t\t<\/span>\n\t\t\t\t\t<\/a>\n\t\t\t\t<\/div>\n\t\t\t\t\t\t\t\t<\/div>\n\t\t\t\t<\/div>\n\t\t\t\t\t<\/div>\n\t\t<\/div>\n\t\t\t\t\t<\/div>\n\t\t<\/section>\n\t\t\t\t<div data-animation-type=\"block\" class=\"elementor-element elementor-element-0e5132a elementor-view-default animation_type_block sc_fly_static elementor-invisible elementor-widget elementor-widget-icon\" data-id=\"0e5132a\" data-element_type=\"widget\" data-settings=\"{&quot;_animation&quot;:&quot;bounce&quot;}\" data-widget_type=\"icon.default\">\n\t\t\t\t<div class=\"elementor-widget-container\">\n\t\t\t\t\t\t\t<div class=\"elementor-icon-wrapper\">\n\t\t\t<a class=\"elementor-icon\" href=\"#ledovesochy\">\n\t\t\t<i aria-hidden=\"true\" class=\"fas fa-angle-down\"><\/i>\t\t\t<\/a>\n\t\t<\/div>\n\t\t\t\t\t\t<\/div>\n\t\t\t\t<\/div>\n\t\t\t\t\t<\/div>\n\t\t<\/div>\n\t\t\t\t\t<\/div>\n\t\t<\/section>\n\t\t\t\t<section data-animation-type=\"block\" class=\"elementor-section elementor-top-section elementor-element elementor-element-72a5775 animated-slow elementor-section-boxed elementor-section-height-default elementor-section-height-default animation_type_block sc_fly_static elementor-invisible\" data-id=\"72a5775\" data-element_type=\"section\" data-settings=\"{&quot;background_background&quot;:&quot;classic&quot;,&quot;animation&quot;:&quot;fadeInDown&quot;,&quot;animation_delay&quot;:300}\">\n\t\t\t\t\t\t<div class=\"elementor-container elementor-column-gap-extended\">\n\t\t\t\t\t<div class=\"elementor-column elementor-col-50 elementor-top-column elementor-element elementor-element-5d088b4 sc_content_align_inherit sc_layouts_column_icons_position_left sc_fly_static\" data-id=\"5d088b4\" data-element_type=\"column\" data-settings=\"{&quot;background_background&quot;:&quot;classic&quot;}\">\n\t\t\t<div class=\"elementor-widget-wrap elementor-element-populated\">\n\t\t\t\t\t\t<div class=\"elementor-element elementor-element-08587e4 sc_fly_static elementor-widget elementor-widget-heading\" data-id=\"08587e4\" data-element_type=\"widget\" data-widget_type=\"heading.default\">\n\t\t\t\t<div class=\"elementor-widget-container\">\n\t\t\t\t\t<h2 class=\"elementor-heading-title elementor-size-default\">Parking przesiadkowy w weekend 5\u20136 lipca. <\/h2>\t\t\t\t<\/div>\n\t\t\t\t<\/div>\n\t\t\t\t<div class=\"elementor-element elementor-element-2ff4d0f sc_fly_static elementor-widget elementor-widget-text-editor\" data-id=\"2ff4d0f\" data-element_type=\"widget\" data-widget_type=\"text-editor.default\">\n\t\t\t\t<div class=\"elementor-widget-container\">\n\t\t\t\t\t\t\t\t\t<p><strong>Gmina zapewnia dodatkowe autobusy.<\/strong><\/p><p>W zwi\u0105zku z przewidywanym zwi\u0119kszeniem liczby odwiedzaj\u0105cych okolice Pusteven, gmina Prost\u0159edn\u00ed Be\u010dva we wsp\u00f3\u0142pracy z innymi s\u0142u\u017cbami przygotowa\u0142a na weekend 5\u20136 lipca nadzwyczajne \u015brodki w ruchu drogowym. Ich celem jest usprawnienie transportu i zapobie\u017cenie komplikacjom komunikacyjnym. <\/p>\t\t\t\t\t\t\t\t<\/div>\n\t\t\t\t<\/div>\n\t\t\t\t<div class=\"elementor-element elementor-element-1eafd9f elementor-align-center sc_fly_static elementor-widget elementor-widget-button\" data-id=\"1eafd9f\" data-element_type=\"widget\" data-widget_type=\"button.default\">\n\t\t\t\t<div class=\"elementor-widget-container\">\n\t\t\t\t\t\t\t\t\t<div class=\"elementor-button-wrapper\">\n\t\t\t\t\t<a class=\"elementor-button elementor-button-link elementor-size-sm\" href=\"https:\/\/pustevny.cz\/pl\/jak-dotrzec-na-pustevny\/\">\n\t\t\t\t\t\t<span class=\"elementor-button-content-wrapper\">\n\t\t\t\t\t\t\t\t\t<span class=\"elementor-button-text\">Jak do nas<\/span>\n\t\t\t\t\t<\/span>\n\t\t\t\t\t<\/a>\n\t\t\t\t<\/div>\n\t\t\t\t\t\t\t\t<\/div>\n\t\t\t\t<\/div>\n\t\t\t\t\t<\/div>\n\t\t<\/div>\n\t\t\t\t<div class=\"elementor-column elementor-col-50 elementor-top-column elementor-element elementor-element-1c44e47 sc_content_align_inherit sc_layouts_column_icons_position_left sc_fly_static\" data-id=\"1c44e47\" data-element_type=\"column\">\n\t\t\t<div class=\"elementor-widget-wrap\">\n\t\t\t\t\t\t\t<\/div>\n\t\t<\/div>\n\t\t\t\t\t<\/div>\n\t\t<\/section>\n\t\t\t\t<section class=\"elementor-section elementor-top-section elementor-element elementor-element-35e6043 elementor-section-boxed elementor-section-height-default elementor-section-height-default sc_fly_static\" data-id=\"35e6043\" data-element_type=\"section\" data-settings=\"{&quot;background_background&quot;:&quot;classic&quot;}\">\n\t\t\t\t\t\t<div class=\"elementor-container elementor-column-gap-extended\">\n\t\t\t\t\t<div class=\"elementor-column elementor-col-100 elementor-top-column elementor-element elementor-element-c5e2d3a sc_content_align_inherit sc_layouts_column_icons_position_left sc_fly_static\" data-id=\"c5e2d3a\" data-element_type=\"column\">\n\t\t\t<div class=\"elementor-widget-wrap elementor-element-populated\">\n\t\t\t\t\t\t<div class=\"elementor-element elementor-element-4144bf6 elementor-position-left elementor-vertical-align-middle sc_fly_static elementor-widget elementor-widget-image-box\" data-id=\"4144bf6\" data-element_type=\"widget\" data-widget_type=\"image-box.default\">\n\t\t\t\t<div class=\"elementor-widget-container\">\n\t\t\t\t\t<div class=\"elementor-image-box-wrapper\"><figure class=\"elementor-image-box-img\"><img fetchpriority=\"high\" decoding=\"async\" width=\"512\" height=\"512\" src=\"https:\/\/pustevny.cz\/wp-content\/uploads\/2025\/03\/warning.webp\" class=\"attachment-full size-full wp-image-33871\" alt=\"Upozorn\u011bn\u00ed ikona\" srcset=\"https:\/\/pustevny.cz\/wp-content\/uploads\/2025\/03\/warning.webp 512w, https:\/\/pustevny.cz\/wp-content\/uploads\/2025\/03\/warning-300x300.webp 300w, https:\/\/pustevny.cz\/wp-content\/uploads\/2025\/03\/warning-150x150.webp 150w, https:\/\/pustevny.cz\/wp-content\/uploads\/2025\/03\/warning-370x370.webp 370w, https:\/\/pustevny.cz\/wp-content\/uploads\/2025\/03\/warning-120x120.webp 120w, https:\/\/pustevny.cz\/wp-content\/uploads\/2025\/03\/warning-410x410.webp 410w\" sizes=\"(max-width: 600px) 100vw, 512px\" \/><\/figure><div class=\"elementor-image-box-content\"><h3 class=\"elementor-image-box-title\">Uwaga dla odwiedzaj\u0105cych<\/h3><p class=\"elementor-image-box-description\">W rejonie Kn\u011bhyn\u011b \u2013 na drodze do Pustevn \u2013 r\u00f3wnocze\u015bnie trwa budowa \u015bcie\u017cki rowerowej, dlatego gmina zaleca unika\u0107 niepotrzebnego wjazdu w t\u0119 okolic\u0119, poniewa\u017c parkingi na Pustevnach szybko si\u0119 zape\u0142niaj\u0105.<br>Gmina zdecydowanie prosi odwiedzaj\u0105cych, aby nie parkowali przy drogach we wsi ani na dojazdach do Pustevn.<br>Samochody pozostawione w takich miejscach cz\u0119sto utrudniaj\u0105 bezpieczny ruch i blokuj\u0105 przejazd autobusom oraz s\u0142u\u017cbom ratunkowym.<\/p><\/div><\/div>\t\t\t\t<\/div>\n\t\t\t\t<\/div>\n\t\t\t\t\t<\/div>\n\t\t<\/div>\n\t\t\t\t\t<\/div>\n\t\t<\/section>\n\t\t\t\t<section class=\"elementor-section elementor-top-section elementor-element elementor-element-641f006 elementor-section-boxed elementor-section-height-default elementor-section-height-default sc_fly_static\" data-id=\"641f006\" data-element_type=\"section\">\n\t\t\t\t\t\t<div class=\"elementor-container elementor-column-gap-extended\">\n\t\t\t\t\t<div class=\"elementor-column elementor-col-100 elementor-top-column elementor-element elementor-element-97362af sc_content_align_inherit sc_layouts_column_icons_position_left sc_fly_static\" data-id=\"97362af\" data-element_type=\"column\">\n\t\t\t<div class=\"elementor-widget-wrap elementor-element-populated\">\n\t\t\t\t\t\t<div class=\"elementor-element elementor-element-9160a78 sc_fly_static elementor-widget elementor-widget-menu-anchor\" data-id=\"9160a78\" data-element_type=\"widget\" data-widget_type=\"menu-anchor.default\">\n\t\t\t\t<div class=\"elementor-widget-container\">\n\t\t\t\t\t\t\t<div class=\"elementor-menu-anchor\" id=\"lodowerzeby\"><\/div>\n\t\t\t\t\t\t<\/div>\n\t\t\t\t<\/div>\n\t\t\t\t\t<\/div>\n\t\t<\/div>\n\t\t\t\t\t<\/div>\n\t\t<\/section>\n\t\t\t\t<section class=\"elementor-section elementor-top-section elementor-element elementor-element-d8902ab elementor-section-boxed elementor-section-height-default elementor-section-height-default sc_fly_static\" data-id=\"d8902ab\" data-element_type=\"section\">\n\t\t\t\t\t\t<div class=\"elementor-container elementor-column-gap-extended\">\n\t\t\t\t\t<div class=\"elementor-column elementor-col-50 elementor-top-column elementor-element elementor-element-d75dc4f sc_content_align_inherit sc_layouts_column_icons_position_left sc_fly_static\" data-id=\"d75dc4f\" data-element_type=\"column\">\n\t\t\t<div class=\"elementor-widget-wrap elementor-element-populated\">\n\t\t\t\t\t\t<div class=\"elementor-element elementor-element-87c1391 sc_fly_static elementor-widget elementor-widget-heading\" data-id=\"87c1391\" data-element_type=\"widget\" data-widget_type=\"heading.default\">\n\t\t\t\t<div class=\"elementor-widget-container\">\n\t\t\t\t\t<h2 class=\"elementor-heading-title elementor-size-default\">Parking przesiadkowy<\/h2>\t\t\t\t<\/div>\n\t\t\t\t<\/div>\n\t\t\t\t<div class=\"elementor-element elementor-element-f3d60ea sc_fly_static elementor-widget elementor-widget-text-editor\" data-id=\"f3d60ea\" data-element_type=\"widget\" data-widget_type=\"text-editor.default\">\n\t\t\t\t<div class=\"elementor-widget-container\">\n\t\t\t\t\t\t\t\t\t<p>Parking zostanie urz\u0105dzony przy remizie stra\u017cackiej (na \u0142\u0105ce po lewej stronie, jad\u0105c z Ro\u017enova pod Radho\u0161t\u011bm).<\/p><ul><li><strong>Op\u0142ata parkingowa wynosi 100 CZK za dzie\u0144.<\/strong><\/li><li>Op\u0142ata za <strong>parkowanie nie obejmuje<\/strong> ceny biletu na autobus wahad\u0142owy na Pustevny.<\/li><li>Parking jest obs\u0142ugiwany przez SDH Prost\u0159edn\u00ed Be\u010dva.<\/li><\/ul>\t\t\t\t\t\t\t\t<\/div>\n\t\t\t\t<\/div>\n\t\t\t\t\t<\/div>\n\t\t<\/div>\n\t\t\t\t<div class=\"elementor-column elementor-col-50 elementor-top-column elementor-element elementor-element-8c8c02b sc_content_align_inherit sc_layouts_column_icons_position_left sc_fly_static\" data-id=\"8c8c02b\" data-element_type=\"column\">\n\t\t\t<div class=\"elementor-widget-wrap elementor-element-populated\">\n\t\t\t\t\t\t<div class=\"elementor-element elementor-element-47e3147 sc_fly_static elementor-widget elementor-widget-image\" data-id=\"47e3147\" data-element_type=\"widget\" data-widget_type=\"image.default\">\n\t\t\t\t<div class=\"elementor-widget-container\">\n\t\t\t\t\t\t\t\t\t\t\t\t\t\t\t<img decoding=\"async\" width=\"1024\" height=\"724\" src=\"https:\/\/pustevny.cz\/wp-content\/uploads\/2025\/07\/mapka_zachytne_parkoviste-1024x724.jpg\" class=\"attachment-large size-large wp-image-35067\" alt=\"\" srcset=\"https:\/\/pustevny.cz\/wp-content\/uploads\/2025\/07\/mapka_zachytne_parkoviste-1024x724.jpg 1024w, https:\/\/pustevny.cz\/wp-content\/uploads\/2025\/07\/mapka_zachytne_parkoviste-300x212.jpg 300w, https:\/\/pustevny.cz\/wp-content\/uploads\/2025\/07\/mapka_zachytne_parkoviste-768x543.jpg 768w, https:\/\/pustevny.cz\/wp-content\/uploads\/2025\/07\/mapka_zachytne_parkoviste-370x262.jpg 370w, https:\/\/pustevny.cz\/wp-content\/uploads\/2025\/07\/mapka_zachytne_parkoviste-840x594.jpg 840w, https:\/\/pustevny.cz\/wp-content\/uploads\/2025\/07\/mapka_zachytne_parkoviste-410x290.jpg 410w, https:\/\/pustevny.cz\/wp-content\/uploads\/2025\/07\/mapka_zachytne_parkoviste.jpg 1280w\" sizes=\"(max-width: 1024px) 100vw, 1024px\" \/>\t\t\t\t\t\t\t\t\t\t\t\t\t\t\t<\/div>\n\t\t\t\t<\/div>\n\t\t\t\t\t<\/div>\n\t\t<\/div>\n\t\t\t\t\t<\/div>\n\t\t<\/section>\n\t\t\t\t<section class=\"elementor-section elementor-top-section elementor-element elementor-element-3c0a164 elementor-reverse-tablet elementor-reverse-mobile elementor-section-boxed elementor-section-height-default elementor-section-height-default sc_fly_static\" data-id=\"3c0a164\" data-element_type=\"section\">\n\t\t\t\t\t\t<div class=\"elementor-container elementor-column-gap-extended\">\n\t\t\t\t\t<div class=\"elementor-column elementor-col-50 elementor-top-column elementor-element elementor-element-0d8e6e5 sc_content_align_inherit sc_layouts_column_icons_position_left sc_fly_static\" data-id=\"0d8e6e5\" data-element_type=\"column\">\n\t\t\t<div class=\"elementor-widget-wrap elementor-element-populated\">\n\t\t\t\t\t\t<div class=\"elementor-element elementor-element-d18333e sc_fly_static elementor-widget elementor-widget-image\" data-id=\"d18333e\" data-element_type=\"widget\" data-widget_type=\"image.default\">\n\t\t\t\t<div class=\"elementor-widget-container\">\n\t\t\t\t\t\t\t\t\t\t\t\t\t\t\t<img decoding=\"async\" width=\"900\" height=\"636\" src=\"https:\/\/pustevny.cz\/wp-content\/uploads\/2024\/06\/cyrilometodejska_pout_1-1.webp\" class=\"attachment-large size-large wp-image-29610\" alt=\"Cyrilometod\u011bjsk\u00e1 pou\u0165 na Pustevn\u00e1ch\" srcset=\"https:\/\/pustevny.cz\/wp-content\/uploads\/2024\/06\/cyrilometodejska_pout_1-1.webp 900w, https:\/\/pustevny.cz\/wp-content\/uploads\/2024\/06\/cyrilometodejska_pout_1-1-300x212.webp 300w, https:\/\/pustevny.cz\/wp-content\/uploads\/2024\/06\/cyrilometodejska_pout_1-1-768x543.webp 768w, https:\/\/pustevny.cz\/wp-content\/uploads\/2024\/06\/cyrilometodejska_pout_1-1-370x261.webp 370w, https:\/\/pustevny.cz\/wp-content\/uploads\/2024\/06\/cyrilometodejska_pout_1-1-840x594.webp 840w, https:\/\/pustevny.cz\/wp-content\/uploads\/2024\/06\/cyrilometodejska_pout_1-1-410x290.webp 410w, https:\/\/pustevny.cz\/wp-content\/uploads\/2024\/06\/cyrilometodejska_pout_1-1-200x141.webp 200w\" sizes=\"(max-width: 900px) 100vw, 900px\" \/>\t\t\t\t\t\t\t\t\t\t\t\t\t\t\t<\/div>\n\t\t\t\t<\/div>\n\t\t\t\t\t<\/div>\n\t\t<\/div>\n\t\t\t\t<div class=\"elementor-column elementor-col-50 elementor-top-column elementor-element elementor-element-ad0d6c6 sc_content_align_inherit sc_layouts_column_icons_position_left sc_fly_static\" data-id=\"ad0d6c6\" data-element_type=\"column\">\n\t\t\t<div class=\"elementor-widget-wrap elementor-element-populated\">\n\t\t\t\t\t\t<div class=\"elementor-element elementor-element-2e36cb6 sc_fly_static elementor-widget elementor-widget-heading\" data-id=\"2e36cb6\" data-element_type=\"widget\" data-widget_type=\"heading.default\">\n\t\t\t\t<div class=\"elementor-widget-container\">\n\t\t\t\t\t<h2 class=\"elementor-heading-title elementor-size-default\">Autobusy posi\u0142kowe na Pustevny.<\/h2>\t\t\t\t<\/div>\n\t\t\t\t<\/div>\n\t\t\t\t<div class=\"elementor-element elementor-element-2f726a1 sc_fly_static elementor-widget elementor-widget-text-editor\" data-id=\"2f726a1\" data-element_type=\"widget\" data-widget_type=\"text-editor.default\">\n\t\t\t\t<div class=\"elementor-widget-container\">\n\t\t\t\t\t\t\t\t\t<ul><li>Z przystanku przy remizie stra\u017cackiej b\u0119d\u0105 kursowa\u0107 dodatkowe autobusy w oko\u0142o <strong>15-minutowych odst\u0119pach<\/strong>.<\/li><li>Pierwszy kurs odje\u017cd\u017ca o 7:45, ostatni kurs z Pustevny odje\u017cd\u017ca o 17:00.<\/li><li>Rozk\u0142ad jazdy oraz dodatkowe informacje zostan\u0105 podane na miejscu i udost\u0119pnione online.<\/li><\/ul>\t\t\t\t\t\t\t\t<\/div>\n\t\t\t\t<\/div>\n\t\t\t\t\t<\/div>\n\t\t<\/div>\n\t\t\t\t\t<\/div>\n\t\t<\/section>\n\t\t<div class=\"elementor-element elementor-element-43bc1a82 e-con-full e-flex sc_layouts_column_icons_position_left e-con e-parent\" data-id=\"43bc1a82\" data-element_type=\"container\" data-settings=\"{&quot;position&quot;:&quot;fixed&quot;}\">\n\t\t\t\t<div class=\"elementor-element elementor-element-50dcf06b sc_fly_static elementor-widget elementor-widget-image\" data-id=\"50dcf06b\" data-element_type=\"widget\" data-widget_type=\"image.default\">\n\t\t\t\t<div class=\"elementor-widget-container\">\n\t\t\t\t\t\t\t\t\t\t\t\t\t\t\t<img loading=\"lazy\" decoding=\"async\" width=\"1920\" height=\"1080\" src=\"https:\/\/pustevny.cz\/wp-content\/uploads\/2024\/05\/Navrh-bez-nazvu-2.webp\" class=\"attachment-2048x2048 size-2048x2048 wp-image-27345\" alt=\"\" srcset=\"https:\/\/pustevny.cz\/wp-content\/uploads\/2024\/05\/Navrh-bez-nazvu-2.webp 1920w, https:\/\/pustevny.cz\/wp-content\/uploads\/2024\/05\/Navrh-bez-nazvu-2-300x169.webp 300w, https:\/\/pustevny.cz\/wp-content\/uploads\/2024\/05\/Navrh-bez-nazvu-2-1024x576.webp 1024w, https:\/\/pustevny.cz\/wp-content\/uploads\/2024\/05\/Navrh-bez-nazvu-2-768x432.webp 768w, https:\/\/pustevny.cz\/wp-content\/uploads\/2024\/05\/Navrh-bez-nazvu-2-1536x864.webp 1536w, https:\/\/pustevny.cz\/wp-content\/uploads\/2024\/05\/Navrh-bez-nazvu-2-370x208.webp 370w, https:\/\/pustevny.cz\/wp-content\/uploads\/2024\/05\/Navrh-bez-nazvu-2-1290x725.webp 1290w, https:\/\/pustevny.cz\/wp-content\/uploads\/2024\/05\/Navrh-bez-nazvu-2-840x473.webp 840w, https:\/\/pustevny.cz\/wp-content\/uploads\/2024\/05\/Navrh-bez-nazvu-2-410x231.webp 410w, https:\/\/pustevny.cz\/wp-content\/uploads\/2024\/05\/Navrh-bez-nazvu-2-200x113.webp 200w, https:\/\/pustevny.cz\/wp-content\/uploads\/2024\/05\/Navrh-bez-nazvu-2-270x152.webp 270w\" sizes=\"(max-width: 1920px) 100vw, 1920px\" \/>\t\t\t\t\t\t\t\t\t\t\t\t\t\t\t<\/div>\n\t\t\t\t<\/div>\n\t\t\t\t<\/div>\n\t\t\t\t<section class=\"elementor-section elementor-top-section elementor-element elementor-element-74653ae elementor-section-boxed elementor-section-height-default elementor-section-height-default sc_fly_static\" data-id=\"74653ae\" data-element_type=\"section\" data-settings=\"{&quot;background_background&quot;:&quot;classic&quot;}\">\n\t\t\t\t\t\t<div class=\"elementor-container elementor-column-gap-extended\">\n\t\t\t\t\t<div class=\"elementor-column elementor-col-100 elementor-top-column elementor-element elementor-element-45fd581 sc_content_align_inherit sc_layouts_column_icons_position_left sc_fly_static\" data-id=\"45fd581\" data-element_type=\"column\">\n\t\t\t<div class=\"elementor-widget-wrap elementor-element-populated\">\n\t\t\t\t\t\t<div class=\"elementor-element elementor-element-47aba8e elementor-vertical-align-middle sc_fly_static elementor-widget elementor-widget-image-box\" data-id=\"47aba8e\" data-element_type=\"widget\" data-widget_type=\"image-box.default\">\n\t\t\t\t<div class=\"elementor-widget-container\">\n\t\t\t\t\t<div class=\"elementor-image-box-wrapper\"><div class=\"elementor-image-box-content\"><h3 class=\"elementor-image-box-title\">Aktualne informacje<\/h3><p class=\"elementor-image-box-description\">Aby uzyska\u0107 przegl\u0105d stopnia zaj\u0119to\u015bci parkingu na Pustevnach, odwied\u017a stron\u0119 Br\u00e1na Pusteven: www.branapusteven.cz<br>Kontakty \u2013 gmina Prost\u0159edn\u00ed Be\u010dva:<br>Telefon: +420 571 643 229<br>E-mail: obec@prostrednibecva.cz<br>Strona www: www.prostrednibecva.cz <\/p><\/div><\/div>\t\t\t\t<\/div>\n\t\t\t\t<\/div>\n\t\t\t\t<div class=\"elementor-element elementor-element-837d370 elementor-align-center sc_fly_static elementor-widget elementor-widget-button\" data-id=\"837d370\" data-element_type=\"widget\" data-widget_type=\"button.default\">\n\t\t\t\t<div class=\"elementor-widget-container\">\n\t\t\t\t\t\t\t\t\t<div class=\"elementor-button-wrapper\">\n\t\t\t\t\t<a class=\"elementor-button elementor-button-link elementor-size-sm\" href=\"https:\/\/www.branapusteven.cz\/\" target=\"_blank\">\n\t\t\t\t\t\t<span class=\"elementor-button-content-wrapper\">\n\t\t\t\t\t\t\t\t\t<span class=\"elementor-button-text\">Odwiedzi\u0107 <\/span>\n\t\t\t\t\t<\/span>\n\t\t\t\t\t<\/a>\n\t\t\t\t<\/div>\n\t\t\t\t\t\t\t\t<\/div>\n\t\t\t\t<\/div>\n\t\t\t\t\t<\/div>\n\t\t<\/div>\n\t\t\t\t\t<\/div>\n\t\t<\/section>\n\t\t\t\t<\/div>\n\t\t","protected":false},"excerpt":{"rendered":"<p>Pielgrzymka \u015awi\u0119tych Cyryla i Metodego Pielgrzymka \u015awi\u0119tych Cyryla i Metodego na Radho\u0161ti w dniach 5\u20136 lipca Gor\u0105co zapraszamy wszystkich pielgrzym\u00f3w i mi\u0142o\u015bnik\u00f3w g\u00f3rskiej przyrody na tradycyjn\u0105 Pielgrzymk\u0119 \u015awi\u0119tych Cyryla i&hellip;<\/p>\n","protected":false},"author":2,"featured_media":0,"parent":0,"menu_order":0,"comment_status":"closed","ping_status":"closed","template":"","meta":{"footnotes":""},"class_list":["post-35044","page","type-page","status-publish","hentry"],"yoast_head":"<!-- This site is optimized with the Yoast SEO plugin v25.7 - https:\/\/yoast.com\/wordpress\/plugins\/seo\/ -->\n<title>Wydarzenia na Pustevnach \u2013 Najlepsze wydarzenia i rozrywka w Beskidach<\/title>\n<meta name=\"description\" content=\"Aktualne wydarzenia na Pustevnach! Festiwale, wydarzenia sportowe i kulturalne atrakcje w pi\u0119knym otoczeniu Beskid\u00f3w. Przyjd\u017a i baw si\u0119 dobrze!\" \/>\n<meta name=\"robots\" content=\"index, follow, max-snippet:-1, max-image-preview:large, max-video-preview:-1\" \/>\n<link rel=\"canonical\" href=\"https:\/\/pustevny.cz\/pl\/wydarzenia-na-pustevnach-2\/\" \/>\n<meta property=\"og:locale\" content=\"pl_PL\" \/>\n<meta property=\"og:type\" content=\"article\" \/>\n<meta property=\"og:title\" content=\"Wydarzenia na Pustevnach \u2013 Najlepsze wydarzenia i rozrywka w Beskidach\" \/>\n<meta property=\"og:description\" content=\"Aktualne wydarzenia na Pustevnach! Festiwale, wydarzenia sportowe i kulturalne atrakcje w pi\u0119knym otoczeniu Beskid\u00f3w. Przyjd\u017a i baw si\u0119 dobrze!\" \/>\n<meta property=\"og:url\" content=\"https:\/\/pustevny.cz\/pl\/wydarzenia-na-pustevnach-2\/\" \/>\n<meta property=\"og:site_name\" content=\"Pustevny\" \/>\n<meta property=\"article:modified_time\" content=\"2025-07-04T07:25:30+00:00\" \/>\n<meta property=\"og:image\" content=\"https:\/\/pustevny.cz\/wp-content\/uploads\/2025\/03\/warning.webp\" \/>\n\t<meta property=\"og:image:width\" content=\"512\" \/>\n\t<meta property=\"og:image:height\" content=\"512\" \/>\n\t<meta property=\"og:image:type\" content=\"image\/webp\" \/>\n<meta name=\"twitter:card\" content=\"summary_large_image\" \/>\n<meta name=\"twitter:label1\" content=\"Szacowany czas czytania\" \/>\n\t<meta name=\"twitter:data1\" content=\"3 minuty\" \/>\n<script type=\"application\/ld+json\" class=\"yoast-schema-graph\">{\"@context\":\"https:\/\/schema.org\",\"@graph\":[{\"@type\":\"WebPage\",\"@id\":\"https:\/\/pustevny.cz\/pl\/wydarzenia-na-pustevnach-2\/\",\"url\":\"https:\/\/pustevny.cz\/pl\/wydarzenia-na-pustevnach-2\/\",\"name\":\"Wydarzenia na Pustevnach \u2013 Najlepsze wydarzenia i rozrywka w Beskidach\",\"isPartOf\":{\"@id\":\"https:\/\/pustevny.cz\/#website\"},\"primaryImageOfPage\":{\"@id\":\"https:\/\/pustevny.cz\/pl\/wydarzenia-na-pustevnach-2\/#primaryimage\"},\"image\":{\"@id\":\"https:\/\/pustevny.cz\/pl\/wydarzenia-na-pustevnach-2\/#primaryimage\"},\"thumbnailUrl\":\"https:\/\/pustevny.cz\/wp-content\/uploads\/2025\/03\/warning.webp\",\"datePublished\":\"2025-07-03T08:36:47+00:00\",\"dateModified\":\"2025-07-04T07:25:30+00:00\",\"description\":\"Aktualne wydarzenia na Pustevnach! Festiwale, wydarzenia sportowe i kulturalne atrakcje w pi\u0119knym otoczeniu Beskid\u00f3w. Przyjd\u017a i baw si\u0119 dobrze!\",\"breadcrumb\":{\"@id\":\"https:\/\/pustevny.cz\/pl\/wydarzenia-na-pustevnach-2\/#breadcrumb\"},\"inLanguage\":\"pl-PL\",\"potentialAction\":[{\"@type\":\"ReadAction\",\"target\":[\"https:\/\/pustevny.cz\/pl\/wydarzenia-na-pustevnach-2\/\"]}]},{\"@type\":\"ImageObject\",\"inLanguage\":\"pl-PL\",\"@id\":\"https:\/\/pustevny.cz\/pl\/wydarzenia-na-pustevnach-2\/#primaryimage\",\"url\":\"https:\/\/pustevny.cz\/wp-content\/uploads\/2025\/03\/warning.webp\",\"contentUrl\":\"https:\/\/pustevny.cz\/wp-content\/uploads\/2025\/03\/warning.webp\"},{\"@type\":\"BreadcrumbList\",\"@id\":\"https:\/\/pustevny.cz\/pl\/wydarzenia-na-pustevnach-2\/#breadcrumb\",\"itemListElement\":[{\"@type\":\"ListItem\",\"position\":1,\"name\":\"Dom\u016f\",\"item\":\"https:\/\/pustevny.cz\/pl\/strona-glowna-2\/\"},{\"@type\":\"ListItem\",\"position\":2,\"name\":\"Pielgrzymka \u015awi\u0119tych Cyryla i Metodego\"}]},{\"@type\":\"WebSite\",\"@id\":\"https:\/\/pustevny.cz\/#website\",\"url\":\"https:\/\/pustevny.cz\/\",\"name\":\"Pustevny\",\"description\":\"Pustevny\",\"publisher\":{\"@id\":\"https:\/\/pustevny.cz\/#organization\"},\"potentialAction\":[{\"@type\":\"SearchAction\",\"target\":{\"@type\":\"EntryPoint\",\"urlTemplate\":\"https:\/\/pustevny.cz\/?s={search_term_string}\"},\"query-input\":{\"@type\":\"PropertyValueSpecification\",\"valueRequired\":true,\"valueName\":\"search_term_string\"}}],\"inLanguage\":\"pl-PL\"},{\"@type\":\"Organization\",\"@id\":\"https:\/\/pustevny.cz\/#organization\",\"name\":\"Pustevny\",\"url\":\"https:\/\/pustevny.cz\/\",\"logo\":{\"@type\":\"ImageObject\",\"inLanguage\":\"pl-PL\",\"@id\":\"https:\/\/pustevny.cz\/#\/schema\/logo\/image\/\",\"url\":\"https:\/\/pustevny.cz\/wp-content\/uploads\/2024\/04\/Pustevny_logo_2015_horizontal.webp\",\"contentUrl\":\"https:\/\/pustevny.cz\/wp-content\/uploads\/2024\/04\/Pustevny_logo_2015_horizontal.webp\",\"width\":1182,\"height\":262,\"caption\":\"Pustevny\"},\"image\":{\"@id\":\"https:\/\/pustevny.cz\/#\/schema\/logo\/image\/\"}}]}<\/script>\n<!-- \/ Yoast SEO plugin. -->","yoast_head_json":{"title":"Wydarzenia na Pustevnach \u2013 Najlepsze wydarzenia i rozrywka w Beskidach","description":"Aktualne wydarzenia na Pustevnach! Festiwale, wydarzenia sportowe i kulturalne atrakcje w pi\u0119knym otoczeniu Beskid\u00f3w. Przyjd\u017a i baw si\u0119 dobrze!","robots":{"index":"index","follow":"follow","max-snippet":"max-snippet:-1","max-image-preview":"max-image-preview:large","max-video-preview":"max-video-preview:-1"},"canonical":"https:\/\/pustevny.cz\/pl\/wydarzenia-na-pustevnach-2\/","og_locale":"pl_PL","og_type":"article","og_title":"Wydarzenia na Pustevnach \u2013 Najlepsze wydarzenia i rozrywka w Beskidach","og_description":"Aktualne wydarzenia na Pustevnach! Festiwale, wydarzenia sportowe i kulturalne atrakcje w pi\u0119knym otoczeniu Beskid\u00f3w. Przyjd\u017a i baw si\u0119 dobrze!","og_url":"https:\/\/pustevny.cz\/pl\/wydarzenia-na-pustevnach-2\/","og_site_name":"Pustevny","article_modified_time":"2025-07-04T07:25:30+00:00","og_image":[{"width":512,"height":512,"url":"https:\/\/pustevny.cz\/wp-content\/uploads\/2025\/03\/warning.webp","type":"image\/webp"}],"twitter_card":"summary_large_image","twitter_misc":{"Szacowany czas czytania":"3 minuty"},"schema":{"@context":"https:\/\/schema.org","@graph":[{"@type":"WebPage","@id":"https:\/\/pustevny.cz\/pl\/wydarzenia-na-pustevnach-2\/","url":"https:\/\/pustevny.cz\/pl\/wydarzenia-na-pustevnach-2\/","name":"Wydarzenia na Pustevnach \u2013 Najlepsze wydarzenia i rozrywka w Beskidach","isPartOf":{"@id":"https:\/\/pustevny.cz\/#website"},"primaryImageOfPage":{"@id":"https:\/\/pustevny.cz\/pl\/wydarzenia-na-pustevnach-2\/#primaryimage"},"image":{"@id":"https:\/\/pustevny.cz\/pl\/wydarzenia-na-pustevnach-2\/#primaryimage"},"thumbnailUrl":"https:\/\/pustevny.cz\/wp-content\/uploads\/2025\/03\/warning.webp","datePublished":"2025-07-03T08:36:47+00:00","dateModified":"2025-07-04T07:25:30+00:00","description":"Aktualne wydarzenia na Pustevnach! Festiwale, wydarzenia sportowe i kulturalne atrakcje w pi\u0119knym otoczeniu Beskid\u00f3w. Przyjd\u017a i baw si\u0119 dobrze!","breadcrumb":{"@id":"https:\/\/pustevny.cz\/pl\/wydarzenia-na-pustevnach-2\/#breadcrumb"},"inLanguage":"pl-PL","potentialAction":[{"@type":"ReadAction","target":["https:\/\/pustevny.cz\/pl\/wydarzenia-na-pustevnach-2\/"]}]},{"@type":"ImageObject","inLanguage":"pl-PL","@id":"https:\/\/pustevny.cz\/pl\/wydarzenia-na-pustevnach-2\/#primaryimage","url":"https:\/\/pustevny.cz\/wp-content\/uploads\/2025\/03\/warning.webp","contentUrl":"https:\/\/pustevny.cz\/wp-content\/uploads\/2025\/03\/warning.webp"},{"@type":"BreadcrumbList","@id":"https:\/\/pustevny.cz\/pl\/wydarzenia-na-pustevnach-2\/#breadcrumb","itemListElement":[{"@type":"ListItem","position":1,"name":"Dom\u016f","item":"https:\/\/pustevny.cz\/pl\/strona-glowna-2\/"},{"@type":"ListItem","position":2,"name":"Pielgrzymka \u015awi\u0119tych Cyryla i Metodego"}]},{"@type":"WebSite","@id":"https:\/\/pustevny.cz\/#website","url":"https:\/\/pustevny.cz\/","name":"Pustevny","description":"Pustevny","publisher":{"@id":"https:\/\/pustevny.cz\/#organization"},"potentialAction":[{"@type":"SearchAction","target":{"@type":"EntryPoint","urlTemplate":"https:\/\/pustevny.cz\/?s={search_term_string}"},"query-input":{"@type":"PropertyValueSpecification","valueRequired":true,"valueName":"search_term_string"}}],"inLanguage":"pl-PL"},{"@type":"Organization","@id":"https:\/\/pustevny.cz\/#organization","name":"Pustevny","url":"https:\/\/pustevny.cz\/","logo":{"@type":"ImageObject","inLanguage":"pl-PL","@id":"https:\/\/pustevny.cz\/#\/schema\/logo\/image\/","url":"https:\/\/pustevny.cz\/wp-content\/uploads\/2024\/04\/Pustevny_logo_2015_horizontal.webp","contentUrl":"https:\/\/pustevny.cz\/wp-content\/uploads\/2024\/04\/Pustevny_logo_2015_horizontal.webp","width":1182,"height":262,"caption":"Pustevny"},"image":{"@id":"https:\/\/pustevny.cz\/#\/schema\/logo\/image\/"}}]}},"_links":{"self":[{"href":"https:\/\/pustevny.cz\/pl\/wp-json\/wp\/v2\/pages\/35044","targetHints":{"allow":["GET"]}}],"collection":[{"href":"https:\/\/pustevny.cz\/pl\/wp-json\/wp\/v2\/pages"}],"about":[{"href":"https:\/\/pustevny.cz\/pl\/wp-json\/wp\/v2\/types\/page"}],"author":[{"embeddable":true,"href":"https:\/\/pustevny.cz\/pl\/wp-json\/wp\/v2\/users\/2"}],"replies":[{"embeddable":true,"href":"https:\/\/pustevny.cz\/pl\/wp-json\/wp\/v2\/comments?post=35044"}],"version-history":[{"count":4,"href":"https:\/\/pustevny.cz\/pl\/wp-json\/wp\/v2\/pages\/35044\/revisions"}],"predecessor-version":[{"id":35135,"href":"https:\/\/pustevny.cz\/pl\/wp-json\/wp\/v2\/pages\/35044\/revisions\/35135"}],"wp:attachment":[{"href":"https:\/\/pustevny.cz\/pl\/wp-json\/wp\/v2\/media?parent=35044"}],"curies":[{"name":"wp","href":"https:\/\/api.w.org\/{rel}","templated":true}]}}